{"id":1049,"date":"2017-12-22T12:14:58","date_gmt":"2017-12-22T11:14:58","guid":{"rendered":"https:\/\/kestaremesto.grkatke.sk\/?page_id=1049"},"modified":"2018-09-23T23:20:42","modified_gmt":"2018-09-23T21:20:42","slug":"tortenelmunk-eletunk","status":"publish","type":"page","link":"https:\/\/kestaremesto.grkatke.sk\/?page_id=1049","title":{"rendered":"T\u00d6RT\u00c9NELM\u00dcNK &#8211; \u00c9LET\u00dcNK"},"content":{"rendered":"<p>Az els\u0151 g\u00f6r\u00f6g katolikus templomot Kassa k\u00f6zpontj\u00e1ban 1882 \u00e9s 1886 k\u00f6z\u00f6tt \u00e9p\u00edtett\u00e9k, a mellette \u00e1ll\u00f3 par\u00f3kia \u00e9p\u00fclete viszont 30 \u00e9vvel id\u0151sebb. Az \u00e9p\u00edtkez\u00e9si munk\u00e1latok befejez\u00e9s\u00e9ig a mis\u00e9ket a ferencesek templom\u00e1ban vagy a Szent Mih\u00e1ly- k\u00e1poln\u00e1ban tartott\u00e1k. Az \u00faj templomot 1886-ban szentelt\u00e9k fel Sz\u0171z M\u00e1ri\u00e1nak.<\/p>\n<p>A torony meg\u00e9p\u00edt\u00e9s\u00e9re viszont csak t\u00edz \u00e9vvel k\u00e9s\u0151bb lett p\u00e9nz, a r\u00f3mai katolikus templomokt\u00f3l megk\u00fcl\u00f6nb\u00f6ztet\u0151 leny\u0171g\u00f6z\u0151 ikonoszt\u00e1z\u00e1ra pedig \u00fajabb hat \u00e9vvel k\u00e9s\u0151bb.<\/p>\n<p>A restaur\u00e1lt ikonokon megtal\u00e1lhat\u00f3 Sz\u0171z M\u00e1ria, az apostolok \u00e9s a n\u00e9gy evang\u00e9lista is (az evang\u00e9list\u00e1k az \u00fan. c\u00e1ri kapun l\u00e1that\u00f3ak). A 12 apostol m\u00e9g a jobb sz\u00e9ls\u0151 olt\u00e1ron is megjelenik, ahol egyik k\u00f6z\u00fcl\u00fck felt\u0171n\u0151en hasonl\u00edt a h\u00edres kassai fest\u0151re, Hal\u00e1sz-Hradil Elem\u00e9rre (a fest\u0151 bevallotta, hogy saj\u00e1t maga k\u00e9pm\u00e1s\u00e1ra festette). M\u00e1s m\u0171v\u00e9szek ezt nem mert\u00e9k megtenni, mint ahogyan a karzatot d\u00edsz\u00edt\u0151 olasz Domenico Riera sem.<\/p>\n<p>A templomot k\u00f6r\u00fclbel\u00fcl 20 \u00e9vvel ezel\u0151tt fel\u00faj\u00edtott\u00e1k, maguk a harangok 1989-b\u0151l val\u00f3ak. Az eredetieket ugyanis a vil\u00e1gh\u00e1bor\u00fa alatt magukkal vitt\u00e9k a fasiszt\u00e1k. A totalitarizmus id\u0151szak\u00e1ban a g\u00f6r\u00f6g katolikus vall\u00e1s gyakorl\u00e1s\u00e1t betiltott\u00e1k, a templomot elkobozt\u00e1k \u00e9s az \u00e1llamilag elismert ortodox egyh\u00e1znak adt\u00e1k. A forradalom ut\u00e1n a dolgok szerencs\u00e9re rendez\u0151dtek, \u00edgy a templom ism\u00e9t a g\u00f6r\u00f6g katolikusok kez\u00e9be ker\u00fclt. M\u00e9g ha az \u00e9p\u00fclet neve v\u00e1ltozott is, a mis\u00e9k nyelve nem, \u00edgy m\u00e9g ma is hallhatjuk \u0151ket \u00f3szl\u00e1v nyelven.<\/p>\n<p><a href=\"https:\/\/amikassa.sk\/2016\/05\/04\/gorog-katolikus-szekesegyhaz\/\">https:\/\/amikassa.sk\/2016\/05\/04\/gorog-katolikus-szekesegyhaz\/<\/a><\/p>\n<p>&nbsp;<\/p>\n<p><strong>Szent Istv\u00e1n \u00fcnnepe<\/strong><\/p>\n<p>A kassai magyar g\u00f6r\u00f6g katolikus k\u00f6z\u00f6ss\u00e9g rendszeresen szervez \u00e9s r\u00e9szt vesz a t\u00f6bbi magyar k\u00f6z\u00f6ss\u00e9ggel egy\u00fctt Szent Istv\u00e1n napi \u00fcnneps\u00e9geken. Egy\u00fctt tekint\u00fcnk szent kir\u00e1lyunkra \u00e9s pr\u00f3b\u00e1ljuk p\u00e9ld\u00e1j\u00e1t k\u00f6vetni, itt \u00e9s most meg\u00e9lni. \u00a0A 2016-os \u00fcnnepi istentisztelet im\u00e1j\u00e1b\u00f3l:<\/p>\n<p><em>Mindenhat\u00f3 \u00d6r\u00f6k Isten, Te szabod meg a nemzetek sors\u00e1t, m\u00e9gis v\u00e1gysz bar\u00e1ts\u00e1gunkra, arra, hogy viszontszeress\u00fcnk. K\u00e9r\u00fcnk, hallgass meg minket, akik haz\u00e1nk\u00e9rt, n\u00e9p\u00fcnk megigazul\u00e1sa \u00e9rdek\u00e9ben fordulunk Hozz\u00e1d, sz\u00f3l\u00edtunk meg! N\u00e9p\u00fcnk csak Vele tud egy \u00fctemben, elgondol\u00e1sai szerint fejl\u0151dni. Nincs m\u00e1s \u00fat, nincs m\u00e1s m\u00f3dszer, nincs m\u00e1s gyakorlat. Adj seg\u00edts\u00e9get a tiszt\u00e1nl\u00e1t\u00e1shoz\u2026. Engedje az \u00dar kibontakozni nemzet\u00fcnk \u00e9lni akar\u00e1s\u00e1t. K\u00e9r\u00fcnk teremts b\u00e9k\u00e9t \u00e9s \u00f6r\u00f6m\u00f6t sz\u00edv\u00fcnkben, legyen a mai \u00fcnnep mindannyiunk sz\u00e1m\u00e1ra alkalom arra, hogy meg\u00fajuljunk becs\u00fcletben \u00e9s felel\u0151ss\u00e9gtudatban, t\u00fall\u00e9pj\u00fcnk \u00f6nz\u00e9s\u00fcnk\u00f6n, v\u00e1llaljuk egym\u00e1s szem\u00e9lyes, konkr\u00e9t \u00e9s k\u00f6zvetlen seg\u00edt\u00e9s\u00e9nek neh\u00e9z \u00e9s sz\u00e9p feladat\u00e1t!<\/em><\/p>\n<p>Besz\u00e1mol\u00f3k az egyes \u00fcnnepi pillanatokr\u00f3l:<br \/>\n<a href=\"http:\/\/felvidek.ma\/2016\/08\/akkor-lennek-boldog-okumenikus-istentisztelet-kassan-szent-istvan-napjan\/\">http:\/\/felvidek.ma\/2016\/08\/akkor-lennek-boldog-okumenikus-istentisztelet-kassan-szent-istvan-napjan\/<br \/>\n<\/a><a href=\"http:\/\/felvidek.ma\/2015\/08\/merjunk-vadocba-rozsat-oltani-augusztus-20-ai-kassai-istentisztelet-2\/\">http:\/\/felvidek.ma\/2015\/08\/merjunk-vadocba-rozsat-oltani-augusztus-20-ai-kassai-istentisztelet-2\/<\/a><br \/>\n<a href=\"http:\/\/felvidek.ma\/2015\/08\/merjunk-vadocba-rozsat-oltani-augusztus-20-ai-kassai-istentisztelet\/\">http:\/\/felvidek.ma\/2015\/08\/merjunk-vadocba-rozsat-oltani-augusztus-20-ai-kassai-istentisztelet\/<\/a><br \/>\n<a href=\"http:\/\/felvidek.ma\/2014\/08\/szent-istvan-unnepe-kassan-2\/\">http:\/\/felvidek.ma\/2014\/08\/szent-istvan-unnepe-kassan-2\/<\/a><br \/>\n<a href=\"http:\/\/felvidek.ma\/2014\/08\/szent-istvan-unnepe-kassan\/\">http:\/\/felvidek.ma\/2014\/08\/szent-istvan-unnepe-kassan\/<\/a><br \/>\n<a href=\"http:\/\/felvidek.ma\/2012\/08\/isten-a-hatunk-mogott-all\/\">http:\/\/felvidek.ma\/2012\/08\/isten-a-hatunk-mogott-all\/<\/a><\/p>\n<p>&nbsp;<\/p>\n","protected":false},"excerpt":{"rendered":"<p>Az els\u0151 g\u00f6r\u00f6g katolikus templomot Kassa k\u00f6zpontj\u00e1ban 1882 \u00e9s 1886 k\u00f6z\u00f6tt \u00e9p\u00edtett\u00e9k, a mellette \u00e1ll\u00f3 par\u00f3kia \u00e9p\u00fclete viszont 30 \u00e9vvel id\u0151sebb. Az \u00e9p\u00edtkez\u00e9si munk\u00e1latok befejez\u00e9s\u00e9ig a mis\u00e9ket a ferencesek templom\u00e1ban vagy a Szent Mih\u00e1ly- k\u00e1poln\u00e1ban tartott\u00e1k. Az \u00faj templomot 1886-ban szentelt\u00e9k fel Sz\u0171z M\u00e1ri\u00e1nak. A torony meg\u00e9p\u00edt\u00e9s\u00e9re viszont csak t\u00edz \u00e9vvel k\u00e9s\u0151bb lett p\u00e9nz, a [&hellip;]<\/p>\n","protected":false},"author":2,"featured_media":0,"parent":0,"menu_order":0,"comment_status":"closed","ping_status":"closed","template":"","meta":{"_coblocks_attr":"","_coblocks_dimensions":"","_coblocks_responsive_height":"","_coblocks_accordion_ie_support":"","footnotes":""},"class_list":["post-1049","page","type-page","status-publish","hentry"],"yoast_head":"<!-- This site is optimized with the Yoast SEO plugin v27.4 - https:\/\/yoast.com\/product\/yoast-seo-wordpress\/ -->\n<title>T\u00d6RT\u00c9NELM\u00dcNK - \u00c9LET\u00dcNK - GR\u00c9CKOKATOL\u00cdCKA CIRKEV FARNOS\u0164 KO\u0160ICE - STAR\u00c9 MESTO<\/title>\n<meta name=\"robots\" content=\"index, follow, max-snippet:-1, max-image-preview:large, max-video-preview:-1\" \/>\n<link rel=\"canonical\" href=\"https:\/\/kestaremesto.grkatke.sk\/?page_id=1049\" \/>\n<meta property=\"og:locale\" content=\"sk_SK\" \/>\n<meta property=\"og:type\" content=\"article\" \/>\n<meta property=\"og:title\" content=\"T\u00d6RT\u00c9NELM\u00dcNK - \u00c9LET\u00dcNK - GR\u00c9CKOKATOL\u00cdCKA CIRKEV FARNOS\u0164 KO\u0160ICE - STAR\u00c9 MESTO\" \/>\n<meta property=\"og:description\" content=\"Az els\u0151 g\u00f6r\u00f6g katolikus templomot Kassa k\u00f6zpontj\u00e1ban 1882 \u00e9s 1886 k\u00f6z\u00f6tt \u00e9p\u00edtett\u00e9k, a mellette \u00e1ll\u00f3 par\u00f3kia \u00e9p\u00fclete viszont 30 \u00e9vvel id\u0151sebb. Az \u00e9p\u00edtkez\u00e9si munk\u00e1latok befejez\u00e9s\u00e9ig a mis\u00e9ket a ferencesek templom\u00e1ban vagy a Szent Mih\u00e1ly- k\u00e1poln\u00e1ban tartott\u00e1k. Az \u00faj templomot 1886-ban szentelt\u00e9k fel Sz\u0171z M\u00e1ri\u00e1nak. A torony meg\u00e9p\u00edt\u00e9s\u00e9re viszont csak t\u00edz \u00e9vvel k\u00e9s\u0151bb lett p\u00e9nz, a [&hellip;]\" \/>\n<meta property=\"og:url\" content=\"https:\/\/kestaremesto.grkatke.sk\/?page_id=1049\" \/>\n<meta property=\"og:site_name\" content=\"GR\u00c9CKOKATOL\u00cdCKA CIRKEV FARNOS\u0164 KO\u0160ICE - STAR\u00c9 MESTO\" \/>\n<meta property=\"article:publisher\" content=\"https:\/\/www.facebook.com\/Na%c5%a1a-Katedr%c3%a1la-231637610336060\/\" \/>\n<meta property=\"article:modified_time\" content=\"2018-09-23T21:20:42+00:00\" \/>\n<meta name=\"twitter:card\" content=\"summary_large_image\" \/>\n<meta name=\"twitter:label1\" content=\"Predpokladan\u00fd \u010das \u010d\u00edtania\" \/>\n\t<meta name=\"twitter:data1\" content=\"3 min\u00faty\" \/>\n<script type=\"application\/ld+json\" class=\"yoast-schema-graph\">{\"@context\":\"https:\\\/\\\/schema.org\",\"@graph\":[{\"@type\":\"WebPage\",\"@id\":\"https:\\\/\\\/kestaremesto.grkatke.sk\\\/?page_id=1049\",\"url\":\"https:\\\/\\\/kestaremesto.grkatke.sk\\\/?page_id=1049\",\"name\":\"T\u00d6RT\u00c9NELM\u00dcNK - \u00c9LET\u00dcNK - GR\u00c9CKOKATOL\u00cdCKA CIRKEV FARNOS\u0164 KO\u0160ICE - STAR\u00c9 MESTO\",\"isPartOf\":{\"@id\":\"https:\\\/\\\/kestaremesto.grkatke.sk\\\/#website\"},\"datePublished\":\"2017-12-22T11:14:58+00:00\",\"dateModified\":\"2018-09-23T21:20:42+00:00\",\"breadcrumb\":{\"@id\":\"https:\\\/\\\/kestaremesto.grkatke.sk\\\/?page_id=1049#breadcrumb\"},\"inLanguage\":\"sk-SK\",\"potentialAction\":[{\"@type\":\"ReadAction\",\"target\":[\"https:\\\/\\\/kestaremesto.grkatke.sk\\\/?page_id=1049\"]}]},{\"@type\":\"BreadcrumbList\",\"@id\":\"https:\\\/\\\/kestaremesto.grkatke.sk\\\/?page_id=1049#breadcrumb\",\"itemListElement\":[{\"@type\":\"ListItem\",\"position\":1,\"name\":\"Domovsk\u00e1 str\u00e1nka\",\"item\":\"https:\\\/\\\/kestaremesto.grkatke.sk\\\/\"},{\"@type\":\"ListItem\",\"position\":2,\"name\":\"T\u00d6RT\u00c9NELM\u00dcNK &#8211; \u00c9LET\u00dcNK\"}]},{\"@type\":\"WebSite\",\"@id\":\"https:\\\/\\\/kestaremesto.grkatke.sk\\\/#website\",\"url\":\"https:\\\/\\\/kestaremesto.grkatke.sk\\\/\",\"name\":\"GR\u00c9CKOKATOL\u00cdCKA CIRKEV FARNOS\u0164 KO\u0160ICE - STAR\u00c9 MESTO\",\"description\":\"\",\"potentialAction\":[{\"@type\":\"SearchAction\",\"target\":{\"@type\":\"EntryPoint\",\"urlTemplate\":\"https:\\\/\\\/kestaremesto.grkatke.sk\\\/?s={search_term_string}\"},\"query-input\":{\"@type\":\"PropertyValueSpecification\",\"valueRequired\":true,\"valueName\":\"search_term_string\"}}],\"inLanguage\":\"sk-SK\"}]}<\/script>\n<!-- \/ Yoast SEO plugin. -->","yoast_head_json":{"title":"T\u00d6RT\u00c9NELM\u00dcNK - \u00c9LET\u00dcNK - GR\u00c9CKOKATOL\u00cdCKA CIRKEV FARNOS\u0164 KO\u0160ICE - STAR\u00c9 MESTO","robots":{"index":"index","follow":"follow","max-snippet":"max-snippet:-1","max-image-preview":"max-image-preview:large","max-video-preview":"max-video-preview:-1"},"canonical":"https:\/\/kestaremesto.grkatke.sk\/?page_id=1049","og_locale":"sk_SK","og_type":"article","og_title":"T\u00d6RT\u00c9NELM\u00dcNK - \u00c9LET\u00dcNK - GR\u00c9CKOKATOL\u00cdCKA CIRKEV FARNOS\u0164 KO\u0160ICE - STAR\u00c9 MESTO","og_description":"Az els\u0151 g\u00f6r\u00f6g katolikus templomot Kassa k\u00f6zpontj\u00e1ban 1882 \u00e9s 1886 k\u00f6z\u00f6tt \u00e9p\u00edtett\u00e9k, a mellette \u00e1ll\u00f3 par\u00f3kia \u00e9p\u00fclete viszont 30 \u00e9vvel id\u0151sebb. Az \u00e9p\u00edtkez\u00e9si munk\u00e1latok befejez\u00e9s\u00e9ig a mis\u00e9ket a ferencesek templom\u00e1ban vagy a Szent Mih\u00e1ly- k\u00e1poln\u00e1ban tartott\u00e1k. Az \u00faj templomot 1886-ban szentelt\u00e9k fel Sz\u0171z M\u00e1ri\u00e1nak. A torony meg\u00e9p\u00edt\u00e9s\u00e9re viszont csak t\u00edz \u00e9vvel k\u00e9s\u0151bb lett p\u00e9nz, a [&hellip;]","og_url":"https:\/\/kestaremesto.grkatke.sk\/?page_id=1049","og_site_name":"GR\u00c9CKOKATOL\u00cdCKA CIRKEV FARNOS\u0164 KO\u0160ICE - STAR\u00c9 MESTO","article_publisher":"https:\/\/www.facebook.com\/Na%c5%a1a-Katedr%c3%a1la-231637610336060\/","article_modified_time":"2018-09-23T21:20:42+00:00","twitter_card":"summary_large_image","twitter_misc":{"Predpokladan\u00fd \u010das \u010d\u00edtania":"3 min\u00faty"},"schema":{"@context":"https:\/\/schema.org","@graph":[{"@type":"WebPage","@id":"https:\/\/kestaremesto.grkatke.sk\/?page_id=1049","url":"https:\/\/kestaremesto.grkatke.sk\/?page_id=1049","name":"T\u00d6RT\u00c9NELM\u00dcNK - \u00c9LET\u00dcNK - GR\u00c9CKOKATOL\u00cdCKA CIRKEV FARNOS\u0164 KO\u0160ICE - STAR\u00c9 MESTO","isPartOf":{"@id":"https:\/\/kestaremesto.grkatke.sk\/#website"},"datePublished":"2017-12-22T11:14:58+00:00","dateModified":"2018-09-23T21:20:42+00:00","breadcrumb":{"@id":"https:\/\/kestaremesto.grkatke.sk\/?page_id=1049#breadcrumb"},"inLanguage":"sk-SK","potentialAction":[{"@type":"ReadAction","target":["https:\/\/kestaremesto.grkatke.sk\/?page_id=1049"]}]},{"@type":"BreadcrumbList","@id":"https:\/\/kestaremesto.grkatke.sk\/?page_id=1049#breadcrumb","itemListElement":[{"@type":"ListItem","position":1,"name":"Domovsk\u00e1 str\u00e1nka","item":"https:\/\/kestaremesto.grkatke.sk\/"},{"@type":"ListItem","position":2,"name":"T\u00d6RT\u00c9NELM\u00dcNK &#8211; \u00c9LET\u00dcNK"}]},{"@type":"WebSite","@id":"https:\/\/kestaremesto.grkatke.sk\/#website","url":"https:\/\/kestaremesto.grkatke.sk\/","name":"GR\u00c9CKOKATOL\u00cdCKA CIRKEV FARNOS\u0164 KO\u0160ICE - STAR\u00c9 MESTO","description":"","potentialAction":[{"@type":"SearchAction","target":{"@type":"EntryPoint","urlTemplate":"https:\/\/kestaremesto.grkatke.sk\/?s={search_term_string}"},"query-input":{"@type":"PropertyValueSpecification","valueRequired":true,"valueName":"search_term_string"}}],"inLanguage":"sk-SK"}]}},"_links":{"self":[{"href":"https:\/\/kestaremesto.grkatke.sk\/index.php?rest_route=\/wp\/v2\/pages\/1049","targetHints":{"allow":["GET"]}}],"collection":[{"href":"https:\/\/kestaremesto.grkatke.sk\/index.php?rest_route=\/wp\/v2\/pages"}],"about":[{"href":"https:\/\/kestaremesto.grkatke.sk\/index.php?rest_route=\/wp\/v2\/types\/page"}],"author":[{"embeddable":true,"href":"https:\/\/kestaremesto.grkatke.sk\/index.php?rest_route=\/wp\/v2\/users\/2"}],"replies":[{"embeddable":true,"href":"https:\/\/kestaremesto.grkatke.sk\/index.php?rest_route=%2Fwp%2Fv2%2Fcomments&post=1049"}],"version-history":[{"count":6,"href":"https:\/\/kestaremesto.grkatke.sk\/index.php?rest_route=\/wp\/v2\/pages\/1049\/revisions"}],"predecessor-version":[{"id":1357,"href":"https:\/\/kestaremesto.grkatke.sk\/index.php?rest_route=\/wp\/v2\/pages\/1049\/revisions\/1357"}],"wp:attachment":[{"href":"https:\/\/kestaremesto.grkatke.sk\/index.php?rest_route=%2Fwp%2Fv2%2Fmedia&parent=1049"}],"curies":[{"name":"wp","href":"https:\/\/api.w.org\/{rel}","templated":true}]}}