{"id":11,"date":"2016-07-07T21:45:58","date_gmt":"2016-07-07T19:45:58","guid":{"rendered":"https:\/\/kestaremesto.grkatke.sk\/?page_id=11"},"modified":"2026-04-26T22:36:53","modified_gmt":"2026-04-26T20:36:53","slug":"liturgicky-program","status":"publish","type":"page","link":"https:\/\/kestaremesto.grkatke.sk\/","title":{"rendered":"LITURGICK\u00dd PROGRAM &#8211; KATEDR\u00c1LNY CHR\u00c1M"},"content":{"rendered":"<p>&nbsp;<\/p>\n<p style=\"text-align: center;\"><a href=\"https:\/\/www.youtube.com\/channel\/UCWxyYkFCm2IZDXJMQ9jbEbA\/live\" target=\"_blank\" rel=\"noopener noreferrer\">LOGOS TV<\/a><br \/>\n<a href=\"https:\/\/www.youtube.com\/channel\/UCg5wXGCGHKm1jlDdAArxEeQ\/live\" target=\"_blank\" rel=\"noopener noreferrer\">Eparchia KE<\/a><\/p>\n<p>&nbsp;<\/p>\n<div>\n<table class=\"alignnone size-thumbnail wp-image-4374\" width=\"&lt;img src=\">\n<tbody>\n<tr style=\"background-color: #ffffff;\">\n<td><span style=\"color: #000000;\"><strong>PONDELOK<\/strong><\/span><\/td>\n<td><span style=\"color: #000000;\">27. 04.<\/span><\/td>\n<td>\n<p style=\"text-align: justify;\"><span style=\"color: #000000;\"><span style=\"text-transform: uppercase;\">Sv\u00e4t\u00fd hieromu\u010den\u00edk Simeon, P\u00e1nov pr\u00edbuzn\u00fd [N\u00e1\u0161 prepodobn\u00fd otec \u0160tefan, biskup volynsk\u00e9ho mesta Vladim\u00edr]<\/span><strong><span style=\"text-transform: uppercase;\"><br \/>\n<\/span><\/strong><\/span><\/p>\n<p style=\"text-align: justify;\"><span style=\"color: #000000;\">06:30 &#8211; sv. liturgia (CS)<br \/>\n07:30 &#8211; utiere\u0148<\/span><br \/>\n<span style=\"color: #000000;\">12:00 &#8211; sv. liturgia<\/span><br \/>\n<span style=\"color: #000000;\">* * *<br \/>\n16:30 &#8211; modlitba posv. ru\u017eenca<\/span><br \/>\n<span style=\"color: #000000;\">17:00 &#8211; sv. liturgia<br \/>\n17:45 &#8211; ve\u010diere\u0148<\/span><\/p>\n<\/td>\n<\/tr>\n<tr style=\"background-color: #ffffff;\">\n<td colspan=\"3\" width=\"706\">\n<hr width=\"50%\" \/>\n<\/td>\n<\/tr>\n<tr style=\"background-color: #ffffff;\">\n<td><span style=\"color: #000000;\"><strong>UTOROK<\/strong><\/span><\/td>\n<td><span style=\"color: #000000;\">28. 04.<\/span><\/td>\n<td>\n<p style=\"text-align: justify;\"><span style=\"color: #000000;\"><span style=\"text-transform: uppercase;\">Sv\u00e4t\u00ed apo\u0161toli Jas\u00f3n a S\u00f3sipatros. Sv\u00e4t\u00ed mu\u010den\u00edci Dadas, Maxim a Kvintili\u00e1n [N\u00e1\u0161 otec sv\u00e4t\u00fd Cyril, turovsk\u00fd biskup]<\/span><\/span><\/p>\n<p style=\"text-align: justify;\"><span style=\"color: #000000;\">06:30 &#8211; sv. liturgia<br \/>\n07:30 &#8211; utiere\u0148<\/span><br \/>\n<span style=\"color: #000000;\">12:00 &#8211; sv. liturgia<\/span><br \/>\n<span style=\"color: #000000;\">* * *<br \/>\n16:30 &#8211; modlitba posv. ru\u017eenca (CS)<\/span><br \/>\n<span style=\"color: #000000;\">17:00 &#8211; sv. liturgia (CS)<br \/>\n17:45 &#8211; ve\u010diere\u0148<\/span><\/p>\n<\/td>\n<\/tr>\n<tr>\n<td colspan=\"3\" width=\"706\">\n<hr width=\"50%\" \/>\n<\/td>\n<\/tr>\n<tr style=\"background-color: #ffffff;\">\n<td><span style=\"color: #000000;\"><strong>STREDA<\/strong><\/span><\/td>\n<td><span style=\"color: #000000;\">29. 04.<\/span><\/td>\n<td>\n<p style=\"text-align: justify;\"><span style=\"text-transform: uppercase; color: #000000;\"><strong>Polovica P\u00e4\u0165desiatnice<\/strong><br \/>\n(Deviati sv\u00e4t\u00ed mu\u010den\u00edci z Kyzika. Prepodobn\u00fd Memn\u00f3n Divotvorca)<\/span><\/p>\n<p style=\"text-align: justify;\"><span style=\"color: #000000;\">06:30 &#8211; sv. liturgia (CS)<br \/>\n07:30 &#8211; utiere\u0148<\/span><br \/>\n<span style=\"color: #000000;\">12:00 &#8211; sv. liturgia<\/span><br \/>\n<span style=\"color: #000000;\">* * *<br \/>\n16:30 &#8211; modlitba posv. ru\u017eenca<\/span><br \/>\n<span style=\"color: #000000;\">17:00 &#8211; sv. liturgia<br \/>\n17:45 &#8211; ve\u010diere\u0148<br \/>\n<\/span><\/p>\n<\/td>\n<\/tr>\n<tr>\n<td colspan=\"3\" width=\"706\">\n<hr width=\"50%\" \/>\n<\/td>\n<\/tr>\n<tr style=\"background-color: #ffffff;\">\n<td><span style=\"color: #000000;\"><strong>\u0160TVRTOK<\/strong><\/span><\/td>\n<td><span style=\"color: #000000;\">30. 04.<\/span><\/td>\n<td width=\"478\">\n<p style=\"text-align: justify;\"><span style=\"color: #000000;\"><span style=\"text-transform: uppercase;\">Poprazdenstvo Polovice P\u00e4\u0165desiatnice (do 5. m\u00e1ja vr\u00e1tane). Sv\u00e4t\u00fd apo\u0161tol Jakub, brat sv\u00e4t\u00e9ho J\u00e1na Teol\u00f3ga<\/span><\/span><\/p>\n<p style=\"text-align: justify;\"><span style=\"color: #000000;\">06:30 &#8211; sv. liturgia<br \/>\n07:30 &#8211; utiere\u0148<\/span><br \/>\n<span style=\"color: #000000;\">12:00 &#8211; sv. liturgia<\/span><br \/>\n<span style=\"color: #000000;\">* * *<br \/>\n16:30 &#8211; modlitba posv. ru\u017eenca<\/span><br \/>\n<span style=\"color: #000000;\">17:00 &#8211; sv. liturgia (CS, \u010d\u00edtania a hom\u00edlia v rus\u00ednskom jazyku)<br \/>\n17:45 &#8211; ve\u010diere\u0148<\/span><\/p>\n<\/td>\n<\/tr>\n<tr style=\"background-color: #ffffff;\">\n<td colspan=\"3\" width=\"706\">\n<hr width=\"50%\" \/>\n<\/td>\n<\/tr>\n<tr style=\"background-color: #ffffff;\">\n<td><span style=\"color: #000000;\"><strong>PIATOK<\/strong><\/span><\/p>\n<p><span style=\"color: #000000;\"><strong>prv\u00fd v mesiaci<\/strong><\/span><\/p>\n<p style=\"text-align: justify;\"><span style=\"color: #000000; font-size: 12px;\"><em>vo\u013enica<\/em><\/span><\/p>\n<\/td>\n<td><span style=\"color: #000000;\">01. 05.<\/span><\/td>\n<td>\n<p style=\"text-align: justify;\"><span style=\"color: #000000;\"><span style=\"text-transform: uppercase;\">Sv\u00e4t\u00fd prorok Jeremi\u00e1\u0161<\/span><\/span><\/p>\n<p style=\"text-align: justify;\"><span style=\"color: #000000;\">06:30 &#8211; sv. liturgia (CS)<br \/>\n07:30 &#8211; utiere\u0148<\/span><br \/>\n<span style=\"color: #000000;\">12:00 &#8211; sv. liturgia<\/span><br \/>\n<span style=\"color: #000000;\">* * *<br \/>\n13:00 &#8211; 15:00 &#8211; eucharistick\u00e1 poklona<br \/>\n<\/span><span style=\"color: #000000;\">16:15 &#8211; modlitba posv. ru\u017eenca<br \/>\n16:45 &#8211; Moleben k Pre\u010distej Bohorodi\u010dke<br \/>\n<\/span><span style=\"color: #000000;\">17:00 &#8211; sv. liturgia + eucharistick\u00e1 pobo\u017enos\u0165<br \/>\n17:45 &#8211; ve\u010diere\u0148<\/span><\/p>\n<\/td>\n<\/tr>\n<tr style=\"background-color: #ffffff;\">\n<td colspan=\"3\" width=\"706\">\n<hr width=\"50%\" \/>\n<\/td>\n<\/tr>\n<tr style=\"background-color: #ffffff;\">\n<td width=\"150\"><span style=\"color: #000000;\"><strong>SOBOTA<\/strong><\/span><\/p>\n<p><span style=\"color: #000000;\"><strong>f<\/strong><\/span><span style=\"color: #000000;\"><strong>atimsk\u00e1<\/strong><\/span><\/td>\n<td width=\"78\"><span style=\"color: #000000;\">02. 05.<\/span><\/td>\n<td style=\"text-align: justify;\" width=\"478\"><span style=\"text-transform: uppercase; color: #000000;\">N\u00e1\u0161 otec sv\u00e4t\u00fd Atan\u00e1z Ve\u013ek\u00fd<\/span><\/p>\n<p style=\"text-align: justify;\"><span style=\"color: #000000;\">06:30 &#8211; sv. liturgia (CS)<br \/>\n07:30 &#8211; paraklis k Presv\u00e4tej Bohorodi\u010dke (prosebn\u00fd k\u00e1non s modlitbami za uzdravenie chor\u00fdch)<br \/>\n<\/span><span style=\"color: #000000;\">* * *<br \/>\n17:00 &#8211; ve\u013ek\u00e1 ve\u010diere\u0148<br \/>\n18:00 &#8211; sv. liturgia<br \/>\n<\/span><\/p>\n<\/td>\n<\/tr>\n<tr style=\"background-color: #ffffff;\">\n<td colspan=\"3\" width=\"706\">\n<hr width=\"50%\" \/>\n<\/td>\n<\/tr>\n<tr style=\"background-color: #ffbf00;\">\n<td><span style=\"color: #000000;\"><strong>NEDE\u013dA<\/strong><\/span><\/td>\n<td><span style=\"color: #000000;\"><strong>03. 05.<\/strong><\/span><\/td>\n<td style=\"text-align: justify;\"><span style=\"text-transform: uppercase; color: #000000;\"><strong>Piata nede\u013ea po Pasche \u2013 o Samarit\u00e1nke<br \/>\n[Odchod do ve\u010dnosti n\u00e1\u0161ho prepodobn\u00e9ho otca Teod\u00f3za, igumena Pe\u010dersk\u00e9ho monastiera a vodcu mn\u00edchov spolo\u010dn\u00e9ho \u017eivota] (Sv\u00e4t\u00ed mu\u010den\u00edci Timotej a Maura)<\/strong><br \/>\n<\/span><\/p>\n<p style=\"text-align: justify;\"><span style=\"color: #000000;\">06:30 &#8211; utiere\u0148<br \/>\n07:30 &#8211; sv. liturgia<em><br \/>\n<\/em>09:00 &#8211; sv. liturgia (CS)<br \/>\n10:30 &#8211; sv. liturgia so zameran\u00edm na deti<br \/>\n12:00 &#8211; sv. liturgia (Ma\u010f.)<strong><i><br \/>\n<\/i><\/strong>* * *<br \/>\n15:00 &#8211; sv. liturgia (UA)<br \/>\n17:00 &#8211; ve\u010diere\u0148<br \/>\n18:00 &#8211; sv. liturgia<\/span><\/p>\n<\/td>\n<\/tr>\n<\/tbody>\n<\/table>\n<p>&nbsp;<\/p>\n<\/div>\n<div><\/div>\n<div><span style=\"color: #000000;\"><b>Vysvetlivky:<\/b><\/span><br \/>\n(CS) \u2013 bohoslu\u017eba je v cirkevnoslovanskom jazyku<br \/>\n(MJ\/Ma\u010f.) \u2013 bohoslu\u017eba je v ma\u010farskom jazyku<br \/>\n(UA) \u2013 bohoslu\u017eba je v ukrajinskom jazyku<br \/>\nAk nie je vyzna\u010den\u00e9 in\u00e1\u010d, bohoslu\u017eba je v slovenskom jazyku.<\/div>\n<p><!--more--><\/p>\n<p><!--more--><\/p>\n","protected":false},"excerpt":{"rendered":"<p>&nbsp; LOGOS TV Eparchia KE &nbsp; PONDELOK 27. 04. Sv\u00e4t\u00fd hieromu\u010den\u00edk Simeon, P\u00e1nov pr\u00edbuzn\u00fd [N\u00e1\u0161 prepodobn\u00fd otec \u0160tefan, biskup volynsk\u00e9ho mesta Vladim\u00edr] 06:30 &#8211; sv. liturgia (CS) 07:30 &#8211; utiere\u0148 12:00 &#8211; sv. liturgia * * * 16:30 &#8211; modlitba posv. ru\u017eenca 17:00 &#8211; sv. liturgia 17:45 &#8211; ve\u010diere\u0148 UTOROK 28. 04. Sv\u00e4t\u00ed apo\u0161toli Jas\u00f3n [&hellip;]<\/p>\n","protected":false},"author":2,"featured_media":0,"parent":0,"menu_order":0,"comment_status":"closed","ping_status":"closed","template":"","meta":{"_coblocks_attr":"","_coblocks_dimensions":"","_coblocks_responsive_height":"","_coblocks_accordion_ie_support":"","footnotes":""},"class_list":["post-11","page","type-page","status-publish","hentry"],"yoast_head":"<!-- This site is optimized with the Yoast SEO plugin v27.4 - https:\/\/yoast.com\/product\/yoast-seo-wordpress\/ -->\n<title>LITURGICK\u00dd PROGRAM - KATEDR\u00c1LNY CHR\u00c1M - GR\u00c9CKOKATOL\u00cdCKA CIRKEV FARNOS\u0164 KO\u0160ICE - STAR\u00c9 MESTO<\/title>\n<meta name=\"robots\" content=\"index, follow, max-snippet:-1, max-image-preview:large, max-video-preview:-1\" \/>\n<link rel=\"canonical\" href=\"https:\/\/kestaremesto.grkatke.sk\/\" \/>\n<meta property=\"og:locale\" content=\"sk_SK\" \/>\n<meta property=\"og:type\" content=\"article\" \/>\n<meta property=\"og:title\" content=\"LITURGICK\u00dd PROGRAM - KATEDR\u00c1LNY CHR\u00c1M - GR\u00c9CKOKATOL\u00cdCKA CIRKEV FARNOS\u0164 KO\u0160ICE - STAR\u00c9 MESTO\" \/>\n<meta property=\"og:description\" content=\"&nbsp; LOGOS TV Eparchia KE &nbsp; PONDELOK 27. 04. Sv\u00e4t\u00fd hieromu\u010den\u00edk Simeon, P\u00e1nov pr\u00edbuzn\u00fd [N\u00e1\u0161 prepodobn\u00fd otec \u0160tefan, biskup volynsk\u00e9ho mesta Vladim\u00edr] 06:30 &#8211; sv. liturgia (CS) 07:30 &#8211; utiere\u0148 12:00 &#8211; sv. liturgia * * * 16:30 &#8211; modlitba posv. ru\u017eenca 17:00 &#8211; sv. liturgia 17:45 &#8211; ve\u010diere\u0148 UTOROK 28. 04. Sv\u00e4t\u00ed apo\u0161toli Jas\u00f3n [&hellip;]\" \/>\n<meta property=\"og:url\" content=\"https:\/\/kestaremesto.grkatke.sk\/\" \/>\n<meta property=\"og:site_name\" content=\"GR\u00c9CKOKATOL\u00cdCKA CIRKEV FARNOS\u0164 KO\u0160ICE - STAR\u00c9 MESTO\" \/>\n<meta property=\"article:publisher\" content=\"https:\/\/www.facebook.com\/Na%c5%a1a-Katedr%c3%a1la-231637610336060\/\" \/>\n<meta property=\"article:modified_time\" content=\"2026-04-26T20:36:53+00:00\" \/>\n<meta name=\"twitter:card\" content=\"summary_large_image\" \/>\n<meta name=\"twitter:label1\" content=\"Predpokladan\u00fd \u010das \u010d\u00edtania\" \/>\n\t<meta name=\"twitter:data1\" content=\"2 min\u00faty\" \/>\n<script type=\"application\/ld+json\" class=\"yoast-schema-graph\">{\"@context\":\"https:\\\/\\\/schema.org\",\"@graph\":[{\"@type\":\"WebPage\",\"@id\":\"https:\\\/\\\/kestaremesto.grkatke.sk\\\/\",\"url\":\"https:\\\/\\\/kestaremesto.grkatke.sk\\\/\",\"name\":\"LITURGICK\u00dd PROGRAM - KATEDR\u00c1LNY CHR\u00c1M - GR\u00c9CKOKATOL\u00cdCKA CIRKEV FARNOS\u0164 KO\u0160ICE - STAR\u00c9 MESTO\",\"isPartOf\":{\"@id\":\"https:\\\/\\\/kestaremesto.grkatke.sk\\\/#website\"},\"datePublished\":\"2016-07-07T19:45:58+00:00\",\"dateModified\":\"2026-04-26T20:36:53+00:00\",\"breadcrumb\":{\"@id\":\"https:\\\/\\\/kestaremesto.grkatke.sk\\\/#breadcrumb\"},\"inLanguage\":\"sk-SK\",\"potentialAction\":[{\"@type\":\"ReadAction\",\"target\":[\"https:\\\/\\\/kestaremesto.grkatke.sk\\\/\"]}]},{\"@type\":\"BreadcrumbList\",\"@id\":\"https:\\\/\\\/kestaremesto.grkatke.sk\\\/#breadcrumb\",\"itemListElement\":[{\"@type\":\"ListItem\",\"position\":1,\"name\":\"Domovsk\u00e1 str\u00e1nka\",\"item\":\"https:\\\/\\\/kestaremesto.grkatke.sk\\\/\"},{\"@type\":\"ListItem\",\"position\":2,\"name\":\"LITURGICK\u00dd PROGRAM &#8211; KATEDR\u00c1LNY CHR\u00c1M\"}]},{\"@type\":\"WebSite\",\"@id\":\"https:\\\/\\\/kestaremesto.grkatke.sk\\\/#website\",\"url\":\"https:\\\/\\\/kestaremesto.grkatke.sk\\\/\",\"name\":\"GR\u00c9CKOKATOL\u00cdCKA CIRKEV FARNOS\u0164 KO\u0160ICE - STAR\u00c9 MESTO\",\"description\":\"\",\"potentialAction\":[{\"@type\":\"SearchAction\",\"target\":{\"@type\":\"EntryPoint\",\"urlTemplate\":\"https:\\\/\\\/kestaremesto.grkatke.sk\\\/?s={search_term_string}\"},\"query-input\":{\"@type\":\"PropertyValueSpecification\",\"valueRequired\":true,\"valueName\":\"search_term_string\"}}],\"inLanguage\":\"sk-SK\"}]}<\/script>\n<!-- \/ Yoast SEO plugin. -->","yoast_head_json":{"title":"LITURGICK\u00dd PROGRAM - KATEDR\u00c1LNY CHR\u00c1M - GR\u00c9CKOKATOL\u00cdCKA CIRKEV FARNOS\u0164 KO\u0160ICE - STAR\u00c9 MESTO","robots":{"index":"index","follow":"follow","max-snippet":"max-snippet:-1","max-image-preview":"max-image-preview:large","max-video-preview":"max-video-preview:-1"},"canonical":"https:\/\/kestaremesto.grkatke.sk\/","og_locale":"sk_SK","og_type":"article","og_title":"LITURGICK\u00dd PROGRAM - KATEDR\u00c1LNY CHR\u00c1M - GR\u00c9CKOKATOL\u00cdCKA CIRKEV FARNOS\u0164 KO\u0160ICE - STAR\u00c9 MESTO","og_description":"&nbsp; LOGOS TV Eparchia KE &nbsp; PONDELOK 27. 04. Sv\u00e4t\u00fd hieromu\u010den\u00edk Simeon, P\u00e1nov pr\u00edbuzn\u00fd [N\u00e1\u0161 prepodobn\u00fd otec \u0160tefan, biskup volynsk\u00e9ho mesta Vladim\u00edr] 06:30 &#8211; sv. liturgia (CS) 07:30 &#8211; utiere\u0148 12:00 &#8211; sv. liturgia * * * 16:30 &#8211; modlitba posv. ru\u017eenca 17:00 &#8211; sv. liturgia 17:45 &#8211; ve\u010diere\u0148 UTOROK 28. 04. Sv\u00e4t\u00ed apo\u0161toli Jas\u00f3n [&hellip;]","og_url":"https:\/\/kestaremesto.grkatke.sk\/","og_site_name":"GR\u00c9CKOKATOL\u00cdCKA CIRKEV FARNOS\u0164 KO\u0160ICE - STAR\u00c9 MESTO","article_publisher":"https:\/\/www.facebook.com\/Na%c5%a1a-Katedr%c3%a1la-231637610336060\/","article_modified_time":"2026-04-26T20:36:53+00:00","twitter_card":"summary_large_image","twitter_misc":{"Predpokladan\u00fd \u010das \u010d\u00edtania":"2 min\u00faty"},"schema":{"@context":"https:\/\/schema.org","@graph":[{"@type":"WebPage","@id":"https:\/\/kestaremesto.grkatke.sk\/","url":"https:\/\/kestaremesto.grkatke.sk\/","name":"LITURGICK\u00dd PROGRAM - KATEDR\u00c1LNY CHR\u00c1M - GR\u00c9CKOKATOL\u00cdCKA CIRKEV FARNOS\u0164 KO\u0160ICE - STAR\u00c9 MESTO","isPartOf":{"@id":"https:\/\/kestaremesto.grkatke.sk\/#website"},"datePublished":"2016-07-07T19:45:58+00:00","dateModified":"2026-04-26T20:36:53+00:00","breadcrumb":{"@id":"https:\/\/kestaremesto.grkatke.sk\/#breadcrumb"},"inLanguage":"sk-SK","potentialAction":[{"@type":"ReadAction","target":["https:\/\/kestaremesto.grkatke.sk\/"]}]},{"@type":"BreadcrumbList","@id":"https:\/\/kestaremesto.grkatke.sk\/#breadcrumb","itemListElement":[{"@type":"ListItem","position":1,"name":"Domovsk\u00e1 str\u00e1nka","item":"https:\/\/kestaremesto.grkatke.sk\/"},{"@type":"ListItem","position":2,"name":"LITURGICK\u00dd PROGRAM &#8211; KATEDR\u00c1LNY CHR\u00c1M"}]},{"@type":"WebSite","@id":"https:\/\/kestaremesto.grkatke.sk\/#website","url":"https:\/\/kestaremesto.grkatke.sk\/","name":"GR\u00c9CKOKATOL\u00cdCKA CIRKEV FARNOS\u0164 KO\u0160ICE - STAR\u00c9 MESTO","description":"","potentialAction":[{"@type":"SearchAction","target":{"@type":"EntryPoint","urlTemplate":"https:\/\/kestaremesto.grkatke.sk\/?s={search_term_string}"},"query-input":{"@type":"PropertyValueSpecification","valueRequired":true,"valueName":"search_term_string"}}],"inLanguage":"sk-SK"}]}},"_links":{"self":[{"href":"https:\/\/kestaremesto.grkatke.sk\/index.php?rest_route=\/wp\/v2\/pages\/11","targetHints":{"allow":["GET"]}}],"collection":[{"href":"https:\/\/kestaremesto.grkatke.sk\/index.php?rest_route=\/wp\/v2\/pages"}],"about":[{"href":"https:\/\/kestaremesto.grkatke.sk\/index.php?rest_route=\/wp\/v2\/types\/page"}],"author":[{"embeddable":true,"href":"https:\/\/kestaremesto.grkatke.sk\/index.php?rest_route=\/wp\/v2\/users\/2"}],"replies":[{"embeddable":true,"href":"https:\/\/kestaremesto.grkatke.sk\/index.php?rest_route=%2Fwp%2Fv2%2Fcomments&post=11"}],"version-history":[{"count":7,"href":"https:\/\/kestaremesto.grkatke.sk\/index.php?rest_route=\/wp\/v2\/pages\/11\/revisions"}],"predecessor-version":[{"id":5090,"href":"https:\/\/kestaremesto.grkatke.sk\/index.php?rest_route=\/wp\/v2\/pages\/11\/revisions\/5090"}],"wp:attachment":[{"href":"https:\/\/kestaremesto.grkatke.sk\/index.php?rest_route=%2Fwp%2Fv2%2Fmedia&parent=11"}],"curies":[{"name":"wp","href":"https:\/\/api.w.org\/{rel}","templated":true}]}}